{"id":610,"date":"2020-03-05T09:23:35","date_gmt":"2020-03-05T09:23:35","guid":{"rendered":"https:\/\/mamyczas.waw.pl\/?page_id=610"},"modified":"2026-04-23T12:47:02","modified_gmt":"2026-04-23T12:47:02","slug":"integracja-sensoryczna","status":"publish","type":"page","link":"https:\/\/mamyczas.waw.pl\/integracja-sensoryczna\/","title":{"rendered":"Integracja sensoryczna"},"content":{"rendered":"\t\t<div data-elementor-type=\"wp-page\" data-elementor-id=\"610\" class=\"elementor elementor-610\">\n\t\t\t\t\t\t<section class=\"elementor-section elementor-top-section elementor-element elementor-element-935f9ad elementor-section-boxed elementor-section-height-default elementor-section-height-default\" data-id=\"935f9ad\" data-element_type=\"section\">\n\t\t\t\t\t\t<div class=\"elementor-container elementor-column-gap-default\">\n\t\t\t\t\t<div class=\"elementor-column elementor-col-100 elementor-top-column elementor-element elementor-element-e6eae64\" data-id=\"e6eae64\" data-element_type=\"column\">\n\t\t\t<div class=\"elementor-widget-wrap elementor-element-populated\">\n\t\t\t\t\t\t<div class=\"elementor-element elementor-element-a98c6b4 elementor-widget elementor-widget-text-editor\" data-id=\"a98c6b4\" data-element_type=\"widget\" data-widget_type=\"text-editor.default\">\n\t\t\t\t<div class=\"elementor-widget-container\">\n\t\t\t\t\t\t\t\t\t<p style=\"box-sizing: inherit; font-family: 'Source Sans Pro'; font-size: 17px; font-style: normal; font-variant-caps: normal; text-indent: 0px; caret-color: #777777; color: #777777;\">Integracja sensoryczna to wg A. Jean Ayers \u201etaka organizacja bod\u017ac\u00f3w, kt\u00f3ra umo\u017cliwia ich p\u00f3\u017aniejsze wykorzystanie\u201d. Ka\u017cdy cz\u0142owiek organizuje swoje funkcjonowanie dzi\u0119ki zmys\u0142om. Jednak same bod\u017ace, kt\u00f3re dzi\u0119ki nim odbieramy niewiele by nam powiedzia\u0142y, gdyby nie skomplikowane procesy zachodz\u0105ce w m\u00f3zgu, m\u00f3wi\u0105ce nam co jest wa\u017cne a co nale\u017cy pomin\u0105\u0107 i jak to co do nas dociera odczyta\u0107. Integracja sensoryczna to proces zachodz\u0105cy bez udzia\u0142u naszej \u015bwiadomo\u015bci, porz\u0105dkuje informacje docieraj\u0105ce do nas przez zmys\u0142y i nadaje znaczenie temu co do\u015bwiadczamy poprzez selekcje i nadawanie rangi bod\u017acom. Pozwala cz\u0142owiekowi celowo dzia\u0142a\u0107 i reagowa\u0107 daj\u0105c fundamenty do budowania zachowa\u0144 spo\u0142ecznych i umiej\u0119tno\u015bci zwi\u0105zanych z edukacj\u0105.\u00a0<\/p>\n<p style=\"box-sizing: inherit; font-family: 'Source Sans Pro'; font-size: 17px; font-style: normal; font-variant-caps: normal; text-indent: 0px; caret-color: #777777; color: #777777;\">Obraz zaburze\u0144 integracji sensorycznej mo\u017ce by\u0107 bardzo r\u00f3\u017cny u poszczeg\u00f3lnych dzieci, jednak mo\u017cna wyr\u00f3\u017cni\u0107 kilka zachowa\u0144, kt\u00f3re daj\u0105 solidn\u0105 podstaw\u0119 do tego, by podejrzewa\u0107, \u017ce proces\u00a0 ten mo\u017ce by\u0107 zaburzony.<\/p>\n<p style=\"box-sizing: inherit; font-family: 'Source Sans Pro'; font-size: 17px; font-style: normal; font-variant-caps: normal; text-indent: 0px; caret-color: #777777; color: #777777;\">Je\u015bli Twoje dziecko:<\/p>\n<ul style=\"box-sizing: inherit; font-family: 'Source Sans Pro'; font-size: 17px; font-style: normal; font-variant-caps: normal; caret-color: #777777; color: #777777;\">\n<li style=\"box-sizing: inherit;\">szuka bardzo silnych bod\u017ac\u00f3w \u2013 dotykowych (np. \u015bciskanie, uderzanie, kiwanie si\u0119 itd.), ruchowych (d\u0142ugie hu\u015btanie, kr\u0119cenie si\u0119 na karuzeli itd.), s\u0142uchowych (s\u0142ucha g\u0142o\u015bnych d\u017awi\u0119k\u00f3w lub wydaje je)<\/li>\n<li style=\"box-sizing: inherit;\">unika wybranych bod\u017ac\u00f3w \u2013 dotykowych (np. du\u017ca wra\u017cliwo\u015b\u0107 na metki, obcinanie paznokci, mycie w\u0142os\u00f3w, unika przytulania itd.) ruchowych (unikanie zabaw na podw\u00f3rku, hu\u015btania, itd.), s\u0142uchowych (cz\u0119ste zatykanie uszu), wzrokowych (cz\u0119ste zamykanie oczu)<\/li>\n<li style=\"box-sizing: inherit;\">wykazuje nadmiern\u0105 lub zbyt s\u0142ab\u0105 reakcje na b\u00f3l<\/li>\n<li style=\"box-sizing: inherit;\">ma s\u0142ab\u0105 r\u00f3wnowag\u0119 (cz\u0119sto potyka si\u0119, ma trudno\u015b\u0107 z nauk\u0105 jazdy na rowerze)<\/li>\n<li style=\"box-sizing: inherit;\">ma trudno\u015bci z koncentracj\u0105<\/li>\n<li style=\"box-sizing: inherit;\">nie rozumie polece\u0144<\/li>\n<li style=\"box-sizing: inherit;\">za mocno lub zbyt lekko trzyma przedmioty (sztu\u0107ce, kredki)<\/li>\n<li style=\"box-sizing: inherit;\">ma trudno\u015b\u0107 z pisaniem, rysowaniem, wycinaniem<\/li>\n<li style=\"box-sizing: inherit;\">preferuje tylko pewne typy jedzenia<\/li>\n<li style=\"box-sizing: inherit;\">unika chodzenia na boso lub chodzi na palcach<\/li>\n<\/ul>\n<p><span style=\"caret-color: #777777; color: #777777; font-family: 'Source Sans Pro'; font-size: 17px; font-style: normal; font-variant-caps: normal; text-align: inherit;\">warto skonsultowa\u0107 si\u0119 z terapeut\u0105 integracji sensorycznej.<\/span>.<\/p>\t\t\t\t\t\t\t\t<\/div>\n\t\t\t\t<\/div>\n\t\t\t\t\t<\/div>\n\t\t<\/div>\n\t\t\t\t\t<\/div>\n\t\t<\/section>\n\t\t\t\t<\/div>\n\t\t","protected":false},"excerpt":{"rendered":"<p>Integracja sensoryczna to wg A. Jean Ayers \u201etaka organizacja bod\u017ac\u00f3w, kt\u00f3ra umo\u017cliwia ich p\u00f3\u017aniejsze wykorzystanie\u201d. Ka\u017cdy cz\u0142owiek organizuje swoje funkcjonowanie dzi\u0119ki zmys\u0142om. Jednak same bod\u017ace, kt\u00f3re dzi\u0119ki nim odbieramy niewiele by nam powiedzia\u0142y, gdyby nie skomplikowane procesy zachodz\u0105ce w m\u00f3zgu, m\u00f3wi\u0105ce nam co jest wa\u017cne a co nale\u017cy pomin\u0105\u0107 i &hellip;<\/p>\n","protected":false},"author":1,"featured_media":0,"parent":0,"menu_order":0,"comment_status":"closed","ping_status":"closed","template":"","meta":{"_seopress_robots_primary_cat":"","_seopress_titles_title":"Integracja sensoryczna Warszawa | Terapia SI \u2013 Mamy Czas","_seopress_titles_desc":"Integracja sensoryczna Warszawa \u2013 terapia SI wspieraj\u0105ca rozw\u00f3j dziecka i jego codzienne funkcjonowanie.","_seopress_robots_index":"","footnotes":""},"class_list":["post-610","page","type-page","status-publish","hentry"],"jetpack_sharing_enabled":true,"_links":{"self":[{"href":"https:\/\/mamyczas.waw.pl\/wp-json\/wp\/v2\/pages\/610","targetHints":{"allow":["GET"]}}],"collection":[{"href":"https:\/\/mamyczas.waw.pl\/wp-json\/wp\/v2\/pages"}],"about":[{"href":"https:\/\/mamyczas.waw.pl\/wp-json\/wp\/v2\/types\/page"}],"author":[{"embeddable":true,"href":"https:\/\/mamyczas.waw.pl\/wp-json\/wp\/v2\/users\/1"}],"replies":[{"embeddable":true,"href":"https:\/\/mamyczas.waw.pl\/wp-json\/wp\/v2\/comments?post=610"}],"version-history":[{"count":8,"href":"https:\/\/mamyczas.waw.pl\/wp-json\/wp\/v2\/pages\/610\/revisions"}],"predecessor-version":[{"id":779,"href":"https:\/\/mamyczas.waw.pl\/wp-json\/wp\/v2\/pages\/610\/revisions\/779"}],"wp:attachment":[{"href":"https:\/\/mamyczas.waw.pl\/wp-json\/wp\/v2\/media?parent=610"}],"curies":[{"name":"wp","href":"https:\/\/api.w.org\/{rel}","templated":true}]}}